{"articles":[{"classes":["outercol"],"isFavourite":false,"isExternalUrl":{"articleLink":false},"articleListButtonsData":{"buttonsList":[{"label":"Les mer","url":"\/?id=944310263&Article=97","type":"readmore"},{"label":"FESTIVALPROGRAM","url":"https:\/\/issuu.com\/biof\/docs\/biof_-_program_2021","type":"booking"}],"mode":"default"},"favouriteType":null,"mnu":null,"section":null,"displayId":true,"docId":97,"identifier":"97Article","docType":"Article","customDate":false,"teaserData":{"teaserText":"","mode":"default"},"content":{"teaser":"","intro":"Det er med stor glede vi \u00f8nsker velkommen til nok en festival! I fjor klarte vi \u00e5 gjennomf\u00f8re til tross for at korona gjorde sitt inntog for alvor og stengte ned det meste av kulturell aktivitet. N\u00e5 h\u00e5per vi \u00e5 kunne gjenta med enda st\u00f8rre suksess, flere konserter og plass til MYE publikum. Akkurat slik vi helst vil, der musikken st\u00e5r i sentrum og ikke redselen for et virus."},"titles":{"main":"FESTIVALPROGRAM BIOF 2021","readMoreButton":"Les mer"},"urls":{"readMore":"\/?id=944310263&Article=97","booking":"https:\/\/issuu.com\/biof\/docs\/biof_-_program_2021"},"created":{"date":"09.11.2021","time":"21:23","timestamp":1636489380},"introAllowHtml":false,"hasTicket":false,"extra":null,"hasReadMore":true,"media":{"imageData":{"path":"\/sites\/b\/biof.no\/files\/hjemmesidelogo_biof_total_svart_1.png","width":1240,"height":1240,"aspectRatio":1},"previewImageUrl":"\/sites\/b\/biof.no\/files\/hjemmesidelogo_biof_total_svart_1.png?cropToFit=100x59&quality=50","imageVariants":[{"path":"\/sites\/b\/biof.no\/files\/hjemmesidelogo_biof_total_svart_1.png?cropToFit=100x59&quality=75","width":100,"height":59,"aspectRatio":1.694915254237288},{"path":"\/sites\/b\/biof.no\/files\/hjemmesidelogo_biof_total_svart_1.png?cropToFit=200x118&quality=75","width":200,"height":118,"aspectRatio":1.694915254237288},{"path":"\/sites\/b\/biof.no\/files\/hjemmesidelogo_biof_total_svart_1.png?cropToFit=400x235&quality=75","width":400,"height":235,"aspectRatio":1.702127659574468},{"path":"\/sites\/b\/biof.no\/files\/hjemmesidelogo_biof_total_svart_1.png?cropToFit=600x353&quality=75","width":600,"height":353,"aspectRatio":1.6997167138810199},{"path":"\/sites\/b\/biof.no\/files\/hjemmesidelogo_biof_total_svart_1.png?cropToFit=800x471&quality=75","width":800,"height":471,"aspectRatio":1.6985138004246285},{"path":"\/sites\/b\/biof.no\/files\/hjemmesidelogo_biof_total_svart_1.png?cropToFit=1000x588&quality=75","width":1000,"height":588,"aspectRatio":1.7006802721088434},{"path":"\/sites\/b\/biof.no\/files\/hjemmesidelogo_biof_total_svart_1.png?cropToFit=1200x706&quality=75","width":1200,"height":706,"aspectRatio":1.6997167138810199}],"image":"\/sites\/b\/biof.no\/files\/hjemmesidelogo_biof_total_svart_1.png","aspect":1.694915254237288,"type":"image","description":null},"additionalData":[]},{"classes":["outercol"],"isFavourite":false,"isExternalUrl":{"articleLink":false},"articleListButtonsData":{"buttonsList":[{"label":"Les mer","url":"\/?id=944310263&Article=78","type":"readmore"},{"label":"BILLETTER","url":"https:\/\/checkout.ebillett.no\/293\/events\/219\/purchase","type":"booking"}],"mode":"default"},"favouriteType":null,"mnu":null,"section":null,"displayId":true,"docId":78,"identifier":"78Article","docType":"Article","customDate":false,"teaserData":{"teaserText":"Onsdag 10. november kl.1900","mode":"default"},"content":{"teaser":"Onsdag 10. november kl.1900","intro":"Vi \u00f8nsker velkommen til en storslagen \u00e5pningskonsert i Bod\u00f8 domkirke!"},"titles":{"main":"\u00c5pningskonsert BIOF 2021 - Bod\u00f8 domkirke","readMoreButton":"Les mer"},"urls":{"readMore":"\/?id=944310263&Article=78","booking":"https:\/\/checkout.ebillett.no\/293\/events\/219\/purchase"},"created":{"date":"25.06.2021","time":"12:23","timestamp":1624616580},"introAllowHtml":false,"hasTicket":false,"extra":null,"hasReadMore":true,"media":{"imageData":null,"previewImageUrl":"#","imageVariants":[{"path":"#","width":0,"height":0,"aspectRatio":1}],"image":"\/sites\/b\/biof.no\/files\/bioflogo21_utekst-2.jpg","aspect":1,"type":"image","description":null},"additionalData":[]},{"classes":["outercol"],"isFavourite":false,"isExternalUrl":{"articleLink":false},"articleListButtonsData":{"buttonsList":[{"label":"Les mer","url":"\/?id=944310263&Article=80","type":"readmore"}],"mode":"default"},"favouriteType":null,"mnu":null,"section":null,"displayId":true,"docId":80,"identifier":"80Article","docType":"Article","customDate":false,"teaserData":{"teaserText":"Torsdag 11. november kl. 13.00","mode":"default"},"content":{"teaser":"Torsdag 11. november kl. 13.00","intro":"Velkommen til lunsjkonsert i Hunstad kirke."},"titles":{"main":"Lunsjkonsert med studenter - Hunstad kirke","readMoreButton":"Les mer"},"urls":{"readMore":"\/?id=944310263&Article=80","booking":null},"created":{"date":"25.06.2021","time":"15:55","timestamp":1624629300},"introAllowHtml":false,"hasTicket":false,"extra":null,"hasReadMore":true,"media":{"imageData":{"path":"\/sites\/b\/biof.no\/files\/img_7114.jpg","width":1800,"height":2400,"aspectRatio":0.75},"previewImageUrl":"\/sites\/b\/biof.no\/files\/img_7114.jpg?cropToFit=100x59&quality=50","imageVariants":[{"path":"\/sites\/b\/biof.no\/files\/img_7114.jpg?cropToFit=100x59&quality=75","width":100,"height":59,"aspectRatio":1.694915254237288},{"path":"\/sites\/b\/biof.no\/files\/img_7114.jpg?cropToFit=200x118&quality=75","width":200,"height":118,"aspectRatio":1.694915254237288},{"path":"\/sites\/b\/biof.no\/files\/img_7114.jpg?cropToFit=400x235&quality=75","width":400,"height":235,"aspectRatio":1.702127659574468},{"path":"\/sites\/b\/biof.no\/files\/img_7114.jpg?cropToFit=600x353&quality=75","width":600,"height":353,"aspectRatio":1.6997167138810199},{"path":"\/sites\/b\/biof.no\/files\/img_7114.jpg?cropToFit=800x471&quality=75","width":800,"height":471,"aspectRatio":1.6985138004246285},{"path":"\/sites\/b\/biof.no\/files\/img_7114.jpg?cropToFit=1000x588&quality=75","width":1000,"height":588,"aspectRatio":1.7006802721088434},{"path":"\/sites\/b\/biof.no\/files\/img_7114.jpg?cropToFit=1200x706&quality=75","width":1200,"height":706,"aspectRatio":1.6997167138810199}],"image":"\/sites\/b\/biof.no\/files\/img_7114.jpg","aspect":1.694915254237288,"type":"image","description":null},"additionalData":[]},{"classes":["outercol"],"isFavourite":false,"isExternalUrl":{"articleLink":false},"articleListButtonsData":{"buttonsList":[{"label":"Les mer","url":"\/?id=944310263&Article=81","type":"readmore"},{"label":"BILLETTER","url":"https:\/\/checkout.ebillett.no\/293\/events\/222\/purchase","type":"booking"}],"mode":"default"},"favouriteType":null,"mnu":null,"section":null,"displayId":true,"docId":81,"identifier":"81Article","docType":"Article","customDate":false,"teaserData":{"teaserText":"Torsdag 11. november kl. 18.00","mode":"default"},"content":{"teaser":"Torsdag 11. november kl. 18.00","intro":"Velkommen til konsert med Sigurd Melv\u00e6r \u00d8gaard i Bod\u00f8 domkirke!"},"titles":{"main":"Sigurd Melv\u00e6r \u00d8gaard - orgelkonsert i Bod\u00f8 domkirke","readMoreButton":"Les mer"},"urls":{"readMore":"\/?id=944310263&Article=81","booking":"https:\/\/checkout.ebillett.no\/293\/events\/222\/purchase"},"created":{"date":"25.06.2021","time":"16:00","timestamp":1624629600},"introAllowHtml":false,"hasTicket":false,"extra":null,"hasReadMore":true,"media":{"imageData":{"path":"\/sites\/b\/biof.no\/files\/sigurdoegaardvertikal.jpg","width":1257,"height":1800,"aspectRatio":0.6983333333333334},"previewImageUrl":"\/sites\/b\/biof.no\/files\/sigurdoegaardvertikal.jpg?cropToFit=100x59&quality=50","imageVariants":[{"path":"\/sites\/b\/biof.no\/files\/sigurdoegaardvertikal.jpg?cropToFit=100x59&quality=75","width":100,"height":59,"aspectRatio":1.694915254237288},{"path":"\/sites\/b\/biof.no\/files\/sigurdoegaardvertikal.jpg?cropToFit=200x118&quality=75","width":200,"height":118,"aspectRatio":1.694915254237288},{"path":"\/sites\/b\/biof.no\/files\/sigurdoegaardvertikal.jpg?cropToFit=400x235&quality=75","width":400,"height":235,"aspectRatio":1.702127659574468},{"path":"\/sites\/b\/biof.no\/files\/sigurdoegaardvertikal.jpg?cropToFit=600x353&quality=75","width":600,"height":353,"aspectRatio":1.6997167138810199},{"path":"\/sites\/b\/biof.no\/files\/sigurdoegaardvertikal.jpg?cropToFit=800x471&quality=75","width":800,"height":471,"aspectRatio":1.6985138004246285},{"path":"\/sites\/b\/biof.no\/files\/sigurdoegaardvertikal.jpg?cropToFit=1000x588&quality=75","width":1000,"height":588,"aspectRatio":1.7006802721088434},{"path":"\/sites\/b\/biof.no\/files\/sigurdoegaardvertikal.jpg?cropToFit=1200x706&quality=75","width":1200,"height":706,"aspectRatio":1.6997167138810199}],"image":"\/sites\/b\/biof.no\/files\/sigurdoegaardvertikal.jpg","aspect":1.694915254237288,"type":"image","description":null},"additionalData":[]},{"classes":["outercol"],"isFavourite":false,"isExternalUrl":{"articleLink":false},"articleListButtonsData":{"buttonsList":[{"label":"Les mer","url":"\/?id=944310263&Article=82","type":"readmore"},{"label":"BILLETTER","url":"https:\/\/checkout.ebillett.no\/293\/events\/223\/purchase","type":"booking"}],"mode":"default"},"favouriteType":null,"mnu":null,"section":null,"displayId":true,"docId":82,"identifier":"82Article","docType":"Article","customDate":false,"teaserData":{"teaserText":"Torsdag 11. november kl. 20.00","mode":"default"},"content":{"teaser":"Torsdag 11. november kl. 20.00","intro":"Bod\u00f8 Internasjonale Orgelfestival er stolt over \u00e5 kunne presentere denne storslagne produksjonen fra Musikk i Nordland, som har f\u00e5tt tittelen BACH Magnificat x 2. Konserten finner sted i R\u00f8nvik kirke."},"titles":{"main":"BACH Magnificat x 2 - R\u00f8nvik kirke","readMoreButton":"Les mer"},"urls":{"readMore":"\/?id=944310263&Article=82","booking":"https:\/\/checkout.ebillett.no\/293\/events\/223\/purchase"},"created":{"date":"25.06.2021","time":"16:12","timestamp":1624630320},"introAllowHtml":false,"hasTicket":false,"extra":null,"hasReadMore":true,"media":{"imageData":{"path":"\/sites\/b\/biof.no\/files\/bach_fbbilde.jpg","width":1920,"height":1005,"aspectRatio":1.9104477611940298},"previewImageUrl":"\/sites\/b\/biof.no\/files\/bach_fbbilde.jpg?cropToFit=100x59&quality=50","imageVariants":[{"path":"\/sites\/b\/biof.no\/files\/bach_fbbilde.jpg?cropToFit=100x59&quality=75","width":100,"height":59,"aspectRatio":1.694915254237288},{"path":"\/sites\/b\/biof.no\/files\/bach_fbbilde.jpg?cropToFit=200x118&quality=75","width":200,"height":118,"aspectRatio":1.694915254237288},{"path":"\/sites\/b\/biof.no\/files\/bach_fbbilde.jpg?cropToFit=400x235&quality=75","width":400,"height":235,"aspectRatio":1.702127659574468},{"path":"\/sites\/b\/biof.no\/files\/bach_fbbilde.jpg?cropToFit=600x353&quality=75","width":600,"height":353,"aspectRatio":1.6997167138810199},{"path":"\/sites\/b\/biof.no\/files\/bach_fbbilde.jpg?cropToFit=800x471&quality=75","width":800,"height":471,"aspectRatio":1.6985138004246285},{"path":"\/sites\/b\/biof.no\/files\/bach_fbbilde.jpg?cropToFit=1000x588&quality=75","width":1000,"height":588,"aspectRatio":1.7006802721088434},{"path":"\/sites\/b\/biof.no\/files\/bach_fbbilde.jpg?cropToFit=1200x706&quality=75","width":1200,"height":706,"aspectRatio":1.6997167138810199}],"image":"\/sites\/b\/biof.no\/files\/bach_fbbilde.jpg","aspect":1.694915254237288,"type":"image","description":null},"additionalData":[]},{"classes":["outercol"],"isFavourite":false,"isExternalUrl":{"articleLink":false},"articleListButtonsData":{"buttonsList":[{"label":"Les mer","url":"\/?id=944310263&Article=79","type":"readmore"}],"mode":"default"},"favouriteType":null,"mnu":null,"section":null,"displayId":true,"docId":79,"identifier":"79Article","docType":"Article","customDate":false,"teaserData":{"teaserText":"Fredag 12. november kl. 13.00","mode":"default"},"content":{"teaser":"Fredag 12. november kl. 13.00","intro":"Velkommen til lunsjkonsert i vakre Bodin kirke."},"titles":{"main":"Lunsjkonsert med studenter - Bodin kirke","readMoreButton":"Les mer"},"urls":{"readMore":"\/?id=944310263&Article=79","booking":null},"created":{"date":"25.06.2021","time":"15:23","timestamp":1624627380},"introAllowHtml":false,"hasTicket":false,"extra":null,"hasReadMore":true,"media":{"imageData":{"path":"\/sites\/b\/biof.no\/files\/orgel_fra_alteret.jpg","width":2500,"height":1663,"aspectRatio":1.503307276007216},"previewImageUrl":"\/sites\/b\/biof.no\/files\/orgel_fra_alteret.jpg?cropToFit=100x59&quality=50","imageVariants":[{"path":"\/sites\/b\/biof.no\/files\/orgel_fra_alteret.jpg?cropToFit=100x59&quality=75","width":100,"height":59,"aspectRatio":1.694915254237288},{"path":"\/sites\/b\/biof.no\/files\/orgel_fra_alteret.jpg?cropToFit=200x118&quality=75","width":200,"height":118,"aspectRatio":1.694915254237288},{"path":"\/sites\/b\/biof.no\/files\/orgel_fra_alteret.jpg?cropToFit=400x235&quality=75","width":400,"height":235,"aspectRatio":1.702127659574468},{"path":"\/sites\/b\/biof.no\/files\/orgel_fra_alteret.jpg?cropToFit=600x353&quality=75","width":600,"height":353,"aspectRatio":1.6997167138810199},{"path":"\/sites\/b\/biof.no\/files\/orgel_fra_alteret.jpg?cropToFit=800x471&quality=75","width":800,"height":471,"aspectRatio":1.6985138004246285},{"path":"\/sites\/b\/biof.no\/files\/orgel_fra_alteret.jpg?cropToFit=1000x588&quality=75","width":1000,"height":588,"aspectRatio":1.7006802721088434},{"path":"\/sites\/b\/biof.no\/files\/orgel_fra_alteret.jpg?cropToFit=1200x706&quality=75","width":1200,"height":706,"aspectRatio":1.6997167138810199}],"image":"\/sites\/b\/biof.no\/files\/orgel_fra_alteret.jpg","aspect":1.694915254237288,"type":"image","description":null},"additionalData":[]},{"classes":["outercol"],"isFavourite":false,"isExternalUrl":{"articleLink":false},"articleListButtonsData":{"buttonsList":[{"label":"Les mer","url":"\/?id=944310263&Article=94","type":"readmore"}],"mode":"default"},"favouriteType":null,"mnu":null,"section":null,"displayId":true,"docId":94,"identifier":"94Article","docType":"Article","customDate":false,"teaserData":{"teaserText":"Fredag 12. november kl. 14.00","mode":"default"},"content":{"teaser":"Fredag 12. november kl. 14.00","intro":"BIOF inviterer til mesterklasse i Bodin kirke, med domkantor i Bergen, Sigurd Melv\u00e6r \u00d8gaard.  Alle interesserte er velkomne!"},"titles":{"main":"Mesterklasse med Sigurd Melv\u00e6r \u00d8gaard - Bodin kirke","readMoreButton":"Les mer"},"urls":{"readMore":"\/?id=944310263&Article=94","booking":null},"created":{"date":"01.07.2021","time":"14:41","timestamp":1625143260},"introAllowHtml":false,"hasTicket":false,"extra":null,"hasReadMore":true,"media":{"imageData":{"path":"\/sites\/b\/biof.no\/files\/sigurdoegaardvertikal.jpg","width":1257,"height":1800,"aspectRatio":0.6983333333333334},"previewImageUrl":"\/sites\/b\/biof.no\/files\/sigurdoegaardvertikal.jpg?cropToFit=100x59&quality=50","imageVariants":[{"path":"\/sites\/b\/biof.no\/files\/sigurdoegaardvertikal.jpg?cropToFit=100x59&quality=75","width":100,"height":59,"aspectRatio":1.694915254237288},{"path":"\/sites\/b\/biof.no\/files\/sigurdoegaardvertikal.jpg?cropToFit=200x118&quality=75","width":200,"height":118,"aspectRatio":1.694915254237288},{"path":"\/sites\/b\/biof.no\/files\/sigurdoegaardvertikal.jpg?cropToFit=400x235&quality=75","width":400,"height":235,"aspectRatio":1.702127659574468},{"path":"\/sites\/b\/biof.no\/files\/sigurdoegaardvertikal.jpg?cropToFit=600x353&quality=75","width":600,"height":353,"aspectRatio":1.6997167138810199},{"path":"\/sites\/b\/biof.no\/files\/sigurdoegaardvertikal.jpg?cropToFit=800x471&quality=75","width":800,"height":471,"aspectRatio":1.6985138004246285},{"path":"\/sites\/b\/biof.no\/files\/sigurdoegaardvertikal.jpg?cropToFit=1000x588&quality=75","width":1000,"height":588,"aspectRatio":1.7006802721088434},{"path":"\/sites\/b\/biof.no\/files\/sigurdoegaardvertikal.jpg?cropToFit=1200x706&quality=75","width":1200,"height":706,"aspectRatio":1.6997167138810199}],"image":"\/sites\/b\/biof.no\/files\/sigurdoegaardvertikal.jpg","aspect":1.694915254237288,"type":"image","description":"Sigurd Melv\u00e6r \u00d8gaard"},"additionalData":[]},{"classes":["outercol"],"isFavourite":false,"isExternalUrl":{"articleLink":false},"articleListButtonsData":{"buttonsList":[{"label":"Les mer","url":"\/?id=944310263&Article=83","type":"readmore"},{"label":"BILLETTER","url":"https:\/\/checkout.ebillett.no\/293\/events\/224\/purchase","type":"booking"}],"mode":"default"},"favouriteType":null,"mnu":null,"section":null,"displayId":true,"docId":83,"identifier":"83Article","docType":"Article","customDate":false,"teaserData":{"teaserText":"Fredag 12. november kl. 19.00","mode":"default"},"content":{"teaser":"Fredag 12. november kl. 19.00","intro":"Velkommen til konsert med Espen Melb\u00f8 i R\u00f8nvik kirke!"},"titles":{"main":"Espen Melb\u00f8 - orgelkonsert i R\u00f8nvik kirke","readMoreButton":"Les mer"},"urls":{"readMore":"\/?id=944310263&Article=83","booking":"https:\/\/checkout.ebillett.no\/293\/events\/224\/purchase"},"created":{"date":"25.06.2021","time":"17:18","timestamp":1624634280},"introAllowHtml":false,"hasTicket":false,"extra":null,"hasReadMore":true,"media":{"imageData":{"path":"\/sites\/b\/biof.no\/files\/espen_melboe_foto__studioline_leipzig-2.jpg","width":1030,"height":724,"aspectRatio":1.4226519337016574},"previewImageUrl":"\/sites\/b\/biof.no\/files\/espen_melboe_foto__studioline_leipzig-2.jpg?cropToFit=100x59&quality=50","imageVariants":[{"path":"\/sites\/b\/biof.no\/files\/espen_melboe_foto__studioline_leipzig-2.jpg?cropToFit=100x59&quality=75","width":100,"height":59,"aspectRatio":1.694915254237288},{"path":"\/sites\/b\/biof.no\/files\/espen_melboe_foto__studioline_leipzig-2.jpg?cropToFit=200x118&quality=75","width":200,"height":118,"aspectRatio":1.694915254237288},{"path":"\/sites\/b\/biof.no\/files\/espen_melboe_foto__studioline_leipzig-2.jpg?cropToFit=400x235&quality=75","width":400,"height":235,"aspectRatio":1.702127659574468},{"path":"\/sites\/b\/biof.no\/files\/espen_melboe_foto__studioline_leipzig-2.jpg?cropToFit=600x353&quality=75","width":600,"height":353,"aspectRatio":1.6997167138810199},{"path":"\/sites\/b\/biof.no\/files\/espen_melboe_foto__studioline_leipzig-2.jpg?cropToFit=800x471&quality=75","width":800,"height":471,"aspectRatio":1.6985138004246285},{"path":"\/sites\/b\/biof.no\/files\/espen_melboe_foto__studioline_leipzig-2.jpg?cropToFit=1000x588&quality=75","width":1000,"height":588,"aspectRatio":1.7006802721088434},{"path":"\/sites\/b\/biof.no\/files\/espen_melboe_foto__studioline_leipzig-2.jpg?cropToFit=1200x706&quality=75","width":1030,"height":606,"aspectRatio":1.6996699669966997}],"image":"\/sites\/b\/biof.no\/files\/espen_melboe_foto__studioline_leipzig-2.jpg","aspect":1.694915254237288,"type":"image","description":"Espen Melb\u00f8"},"additionalData":[]},{"classes":["outercol"],"isFavourite":false,"isExternalUrl":{"articleLink":false},"articleListButtonsData":{"buttonsList":[{"label":"Les mer","url":"\/?id=944310263&Article=85","type":"readmore"},{"label":"BILLETTER","url":"https:\/\/checkout.ebillett.no\/293\/events\/225\/purchase","type":"booking"}],"mode":"default"},"favouriteType":null,"mnu":null,"section":null,"displayId":true,"docId":85,"identifier":"85Article","docType":"Article","customDate":false,"teaserData":{"teaserText":"Fredag 12. november kl. 21.00","mode":"default"},"content":{"teaser":"Fredag 12. november kl. 21.00","intro":"Fredag kveld inviterer vi til konsert p\u00e5 Piccadilly! Kveldens band er folkemusikktrioen Snipp Snapp Snute, og for anledningen har de med seg felespiller Leif Egil Barth. De tar oss med p\u00e5 et h\u00e6rlig dypdykk inn i de store temaene \"Havet, d\u00f8den og kj\u00e6rligheten\". "},"titles":{"main":"Snipp Snapp Snute med Barth!","readMoreButton":"Les mer"},"urls":{"readMore":"\/?id=944310263&Article=85","booking":"https:\/\/checkout.ebillett.no\/293\/events\/225\/purchase"},"created":{"date":"25.06.2021","time":"17:43","timestamp":1624635780},"introAllowHtml":false,"hasTicket":false,"extra":null,"hasReadMore":true,"media":{"imageData":{"path":"\/sites\/b\/biof.no\/files\/snipp_snapp_snute_1.jpg","width":2048,"height":1365,"aspectRatio":1.5003663003663004},"previewImageUrl":"\/sites\/b\/biof.no\/files\/snipp_snapp_snute_1.jpg?cropToFit=100x59&quality=50","imageVariants":[{"path":"\/sites\/b\/biof.no\/files\/snipp_snapp_snute_1.jpg?cropToFit=100x59&quality=75","width":100,"height":59,"aspectRatio":1.694915254237288},{"path":"\/sites\/b\/biof.no\/files\/snipp_snapp_snute_1.jpg?cropToFit=200x118&quality=75","width":200,"height":118,"aspectRatio":1.694915254237288},{"path":"\/sites\/b\/biof.no\/files\/snipp_snapp_snute_1.jpg?cropToFit=400x235&quality=75","width":400,"height":235,"aspectRatio":1.702127659574468},{"path":"\/sites\/b\/biof.no\/files\/snipp_snapp_snute_1.jpg?cropToFit=600x353&quality=75","width":600,"height":353,"aspectRatio":1.6997167138810199},{"path":"\/sites\/b\/biof.no\/files\/snipp_snapp_snute_1.jpg?cropToFit=800x471&quality=75","width":800,"height":471,"aspectRatio":1.6985138004246285},{"path":"\/sites\/b\/biof.no\/files\/snipp_snapp_snute_1.jpg?cropToFit=1000x588&quality=75","width":1000,"height":588,"aspectRatio":1.7006802721088434},{"path":"\/sites\/b\/biof.no\/files\/snipp_snapp_snute_1.jpg?cropToFit=1200x706&quality=75","width":1200,"height":706,"aspectRatio":1.6997167138810199}],"image":"\/sites\/b\/biof.no\/files\/snipp_snapp_snute_1.jpg","aspect":1.694915254237288,"type":"image","description":"Snipp Snapp Snute"},"additionalData":[]},{"classes":["outercol"],"isFavourite":false,"isExternalUrl":{"articleLink":false},"articleListButtonsData":{"buttonsList":[{"label":"Les mer","url":"\/?id=944310263&Article=84","type":"readmore"},{"label":"BILLETTER","url":"https:\/\/checkout.ebillett.no\/293\/events\/230\/purchase","type":"booking"}],"mode":"default"},"favouriteType":null,"mnu":null,"section":null,"displayId":true,"docId":84,"identifier":"84Article","docType":"Article","customDate":false,"teaserData":{"teaserText":"L\u00f8rdag 13. november","mode":"default"},"content":{"teaser":"L\u00f8rdag 13. november","intro":"BIOF inviterer til orgelsafari i alle sentrumskirkene!"},"titles":{"main":"Orgelsafari ","readMoreButton":"Les mer"},"urls":{"readMore":"\/?id=944310263&Article=84","booking":"https:\/\/checkout.ebillett.no\/293\/events\/230\/purchase"},"created":{"date":"25.06.2021","time":"17:28","timestamp":1624634880},"introAllowHtml":false,"hasTicket":false,"extra":null,"hasReadMore":true,"media":{"imageData":null,"previewImageUrl":"#","imageVariants":[{"path":"#","width":0,"height":0,"aspectRatio":1}],"image":"\/sites\/b\/biof.no\/files\/bioflogo21_utekst-2.jpg","aspect":1,"type":"image","description":null},"additionalData":[]},{"classes":["outercol"],"isFavourite":false,"isExternalUrl":{"articleLink":false},"articleListButtonsData":{"buttonsList":[{"label":"Les mer","url":"\/?id=944310263&Article=88","type":"readmore"},{"label":"BILLETTER","url":"https:\/\/checkout.ebillett.no\/293\/events\/229\/purchase","type":"booking"}],"mode":"default"},"favouriteType":null,"mnu":null,"section":null,"displayId":true,"docId":88,"identifier":"88Article","docType":"Article","customDate":false,"teaserData":{"teaserText":"L\u00f8rdag 13. november kl. 13.00","mode":"default"},"content":{"teaser":"L\u00f8rdag 13. november kl. 13.00","intro":"Velkommen til lunsjkonsert med Milkica Radovanovic i R\u00f8nvik kirke!\r\nKonserten avslutter orgelsafarien som ender i R\u00f8nvik kirke, og Radovanovic skal spille verker av Bach, Widor og Messiaen."},"titles":{"main":"Milkica Radovanovic - Lunsjkonsert i R\u00f8nvik kirke","readMoreButton":"Les mer"},"urls":{"readMore":"\/?id=944310263&Article=88","booking":"https:\/\/checkout.ebillett.no\/293\/events\/229\/purchase"},"created":{"date":"25.06.2021","time":"18:41","timestamp":1624639260},"introAllowHtml":false,"hasTicket":false,"extra":null,"hasReadMore":true,"media":{"imageData":{"path":"\/sites\/b\/biof.no\/files\/milkica_radovanovic.jpg","width":2500,"height":1667,"aspectRatio":1.4997000599880024},"previewImageUrl":"\/sites\/b\/biof.no\/files\/milkica_radovanovic.jpg?cropToFit=100x59&quality=50","imageVariants":[{"path":"\/sites\/b\/biof.no\/files\/milkica_radovanovic.jpg?cropToFit=100x59&quality=75","width":100,"height":59,"aspectRatio":1.694915254237288},{"path":"\/sites\/b\/biof.no\/files\/milkica_radovanovic.jpg?cropToFit=200x118&quality=75","width":200,"height":118,"aspectRatio":1.694915254237288},{"path":"\/sites\/b\/biof.no\/files\/milkica_radovanovic.jpg?cropToFit=400x235&quality=75","width":400,"height":235,"aspectRatio":1.702127659574468},{"path":"\/sites\/b\/biof.no\/files\/milkica_radovanovic.jpg?cropToFit=600x353&quality=75","width":600,"height":353,"aspectRatio":1.6997167138810199},{"path":"\/sites\/b\/biof.no\/files\/milkica_radovanovic.jpg?cropToFit=800x471&quality=75","width":800,"height":471,"aspectRatio":1.6985138004246285},{"path":"\/sites\/b\/biof.no\/files\/milkica_radovanovic.jpg?cropToFit=1000x588&quality=75","width":1000,"height":588,"aspectRatio":1.7006802721088434},{"path":"\/sites\/b\/biof.no\/files\/milkica_radovanovic.jpg?cropToFit=1200x706&quality=75","width":1200,"height":706,"aspectRatio":1.6997167138810199}],"image":"\/sites\/b\/biof.no\/files\/milkica_radovanovic.jpg","aspect":1.694915254237288,"type":"image","description":"Milkica Radovanovic"},"additionalData":[]},{"classes":["outercol"],"isFavourite":false,"isExternalUrl":{"articleLink":false},"articleListButtonsData":{"buttonsList":[{"label":"Les mer","url":"\/?id=944310263&Article=86","type":"readmore"}],"mode":"default"},"favouriteType":null,"mnu":null,"section":null,"displayId":true,"docId":86,"identifier":"86Article","docType":"Article","customDate":false,"teaserData":{"teaserText":"L\u00f8rdag 13. november kl. 16.00","mode":"default"},"content":{"teaser":"L\u00f8rdag 13. november kl. 16.00","intro":"Velkommen til konsert med ungdommer p\u00e5 kurs under BIOF 2021! "},"titles":{"main":"Ungdomskursets konsert - Hunstad kirke","readMoreButton":"Les mer"},"urls":{"readMore":"\/?id=944310263&Article=86","booking":null},"created":{"date":"25.06.2021","time":"18:08","timestamp":1624637280},"introAllowHtml":false,"hasTicket":false,"extra":null,"hasReadMore":true,"media":{"imageData":{"path":"\/sites\/b\/biof.no\/files\/img_1129.jpg","width":1350,"height":1800,"aspectRatio":0.75},"previewImageUrl":"\/sites\/b\/biof.no\/files\/img_1129.jpg?cropToFit=100x59&quality=50","imageVariants":[{"path":"\/sites\/b\/biof.no\/files\/img_1129.jpg?cropToFit=100x59&quality=75","width":100,"height":59,"aspectRatio":1.694915254237288},{"path":"\/sites\/b\/biof.no\/files\/img_1129.jpg?cropToFit=200x118&quality=75","width":200,"height":118,"aspectRatio":1.694915254237288},{"path":"\/sites\/b\/biof.no\/files\/img_1129.jpg?cropToFit=400x235&quality=75","width":400,"height":235,"aspectRatio":1.702127659574468},{"path":"\/sites\/b\/biof.no\/files\/img_1129.jpg?cropToFit=600x353&quality=75","width":600,"height":353,"aspectRatio":1.6997167138810199},{"path":"\/sites\/b\/biof.no\/files\/img_1129.jpg?cropToFit=800x471&quality=75","width":800,"height":471,"aspectRatio":1.6985138004246285},{"path":"\/sites\/b\/biof.no\/files\/img_1129.jpg?cropToFit=1000x588&quality=75","width":1000,"height":588,"aspectRatio":1.7006802721088434},{"path":"\/sites\/b\/biof.no\/files\/img_1129.jpg?cropToFit=1200x706&quality=75","width":1200,"height":706,"aspectRatio":1.6997167138810199}],"image":"\/sites\/b\/biof.no\/files\/img_1129.jpg","aspect":1.694915254237288,"type":"image","description":null},"additionalData":[]},{"classes":["outercol"],"isFavourite":false,"isExternalUrl":{"articleLink":false},"articleListButtonsData":{"buttonsList":[{"label":"Les mer","url":"\/?id=944310263&Article=87","type":"readmore"},{"label":"BILLETTER","url":"https:\/\/checkout.ebillett.no\/293\/events\/221\/purchase","type":"booking"}],"mode":"default"},"favouriteType":null,"mnu":null,"section":null,"displayId":true,"docId":87,"identifier":"87Article","docType":"Article","customDate":false,"teaserData":{"teaserText":"L\u00f8rdag 13. november kl. 18.00","mode":"default"},"content":{"teaser":"L\u00f8rdag 13. november kl. 18.00","intro":"BIOF er veldig stolt av \u00e5 kunne presentere Mozarts requiem med guttekor og musikere fra Arktisk filharmoni i v\u00e5rt festivalprogram!"},"titles":{"main":"Mozarts requiem - Bod\u00f8 domkirke","readMoreButton":"Les mer"},"urls":{"readMore":"\/?id=944310263&Article=87","booking":"https:\/\/checkout.ebillett.no\/293\/events\/221\/purchase"},"created":{"date":"25.06.2021","time":"18:16","timestamp":1624637760},"introAllowHtml":false,"hasTicket":false,"extra":null,"hasReadMore":true,"media":{"imageData":{"path":"\/sites\/b\/biof.no\/files\/mozarts_requiem.jpg","width":2048,"height":1365,"aspectRatio":1.5003663003663004},"previewImageUrl":"\/sites\/b\/biof.no\/files\/mozarts_requiem.jpg?cropToFit=100x59&quality=50","imageVariants":[{"path":"\/sites\/b\/biof.no\/files\/mozarts_requiem.jpg?cropToFit=100x59&quality=75","width":100,"height":59,"aspectRatio":1.694915254237288},{"path":"\/sites\/b\/biof.no\/files\/mozarts_requiem.jpg?cropToFit=200x118&quality=75","width":200,"height":118,"aspectRatio":1.694915254237288},{"path":"\/sites\/b\/biof.no\/files\/mozarts_requiem.jpg?cropToFit=400x235&quality=75","width":400,"height":235,"aspectRatio":1.702127659574468},{"path":"\/sites\/b\/biof.no\/files\/mozarts_requiem.jpg?cropToFit=600x353&quality=75","width":600,"height":353,"aspectRatio":1.6997167138810199},{"path":"\/sites\/b\/biof.no\/files\/mozarts_requiem.jpg?cropToFit=800x471&quality=75","width":800,"height":471,"aspectRatio":1.6985138004246285},{"path":"\/sites\/b\/biof.no\/files\/mozarts_requiem.jpg?cropToFit=1000x588&quality=75","width":1000,"height":588,"aspectRatio":1.7006802721088434},{"path":"\/sites\/b\/biof.no\/files\/mozarts_requiem.jpg?cropToFit=1200x706&quality=75","width":1200,"height":706,"aspectRatio":1.6997167138810199}],"image":"\/sites\/b\/biof.no\/files\/mozarts_requiem.jpg","aspect":1.694915254237288,"type":"image","description":null},"additionalData":[]},{"classes":["outercol"],"isFavourite":false,"isExternalUrl":{"articleLink":false},"articleListButtonsData":{"buttonsList":[{"label":"Les mer","url":"\/?id=944310263&Article=92","type":"readmore"},{"label":"BILLETTER","url":"https:\/\/checkout.ebillett.no\/293\/events\/226\/purchase","type":"booking"}],"mode":"default"},"favouriteType":null,"mnu":null,"section":null,"displayId":true,"docId":92,"identifier":"92Article","docType":"Article","customDate":false,"teaserData":{"teaserText":"L\u00f8rdag 13. november kl. 21.00","mode":"default"},"content":{"teaser":"L\u00f8rdag 13. november kl. 21.00","intro":"Vi inviterer til jazzkonsert og plateslipp i R\u00f8nvik kirke l\u00f8rdag kveld!\r\n\r\nOrganist Thomas Torstrup og gitarist Martin H\u00f6gberg slapp sitt debutalbum som duo i 2018. N\u00e5 er de klare med andrealbumet som er spilt inn p\u00e5 det nye Br\u00f8drene Torkildsen-orgelet i Sakshaug kirke . Med p\u00e5 albumet har de stjerne-saksofonist John P\u00e5l Inderberg som fargelegger musikken p\u00e5 sin karakteristiske m\u00e5te."},"titles":{"main":"Jazzkonsert: Patos - releasekonsert med Torstrup\/H\u00f6gberg\/Inderberg","readMoreButton":"Les mer"},"urls":{"readMore":"\/?id=944310263&Article=92","booking":"https:\/\/checkout.ebillett.no\/293\/events\/226\/purchase"},"created":{"date":"25.06.2021","time":"19:26","timestamp":1624641960},"introAllowHtml":false,"hasTicket":false,"extra":null,"hasReadMore":true,"media":{"imageData":{"path":"\/sites\/b\/biof.no\/files\/foto_av_elin_iversen__thorstrup74.jpg","width":2250,"height":1800,"aspectRatio":1.25},"previewImageUrl":"\/sites\/b\/biof.no\/files\/foto_av_elin_iversen__thorstrup74.jpg?cropToFit=100x59&quality=50","imageVariants":[{"path":"\/sites\/b\/biof.no\/files\/foto_av_elin_iversen__thorstrup74.jpg?cropToFit=100x59&quality=75","width":100,"height":59,"aspectRatio":1.694915254237288},{"path":"\/sites\/b\/biof.no\/files\/foto_av_elin_iversen__thorstrup74.jpg?cropToFit=200x118&quality=75","width":200,"height":118,"aspectRatio":1.694915254237288},{"path":"\/sites\/b\/biof.no\/files\/foto_av_elin_iversen__thorstrup74.jpg?cropToFit=400x235&quality=75","width":400,"height":235,"aspectRatio":1.702127659574468},{"path":"\/sites\/b\/biof.no\/files\/foto_av_elin_iversen__thorstrup74.jpg?cropToFit=600x353&quality=75","width":600,"height":353,"aspectRatio":1.6997167138810199},{"path":"\/sites\/b\/biof.no\/files\/foto_av_elin_iversen__thorstrup74.jpg?cropToFit=800x471&quality=75","width":800,"height":471,"aspectRatio":1.6985138004246285},{"path":"\/sites\/b\/biof.no\/files\/foto_av_elin_iversen__thorstrup74.jpg?cropToFit=1000x588&quality=75","width":1000,"height":588,"aspectRatio":1.7006802721088434},{"path":"\/sites\/b\/biof.no\/files\/foto_av_elin_iversen__thorstrup74.jpg?cropToFit=1200x706&quality=75","width":1200,"height":706,"aspectRatio":1.6997167138810199}],"image":"\/sites\/b\/biof.no\/files\/foto_av_elin_iversen__thorstrup74.jpg","aspect":1.694915254237288,"type":"image","description":"Thomas Torstrup og Martin H\u00f6gberg"},"additionalData":[]},{"classes":["outercol"],"isFavourite":false,"isExternalUrl":{"articleLink":false},"articleListButtonsData":{"buttonsList":[{"label":"Les mer","url":"\/?id=944310263&Article=90","type":"readmore"}],"mode":"default"},"favouriteType":null,"mnu":null,"section":null,"displayId":true,"docId":90,"identifier":"90Article","docType":"Article","customDate":false,"teaserData":{"teaserText":"S\u00f8ndag 14. november kl. 11.00","mode":"default"},"content":{"teaser":"S\u00f8ndag 14. november kl. 11.00","intro":"Kirken i Bod\u00f8 \u00f8nsker velkommen til Gudstjeneste i byens kirker."},"titles":{"main":"Festivalgudstjenester i byens kirker","readMoreButton":"Les mer"},"urls":{"readMore":"\/?id=944310263&Article=90","booking":null},"created":{"date":"25.06.2021","time":"18:56","timestamp":1624640160},"introAllowHtml":false,"hasTicket":false,"extra":null,"hasReadMore":true,"media":{"imageData":{"path":"\/sites\/b\/biof.no\/files\/1934487833.jpg","width":1043,"height":586,"aspectRatio":1.7798634812286689},"previewImageUrl":"\/sites\/b\/biof.no\/files\/1934487833.jpg?cropToFit=100x59&quality=50","imageVariants":[{"path":"\/sites\/b\/biof.no\/files\/1934487833.jpg?cropToFit=100x59&quality=75","width":100,"height":59,"aspectRatio":1.694915254237288},{"path":"\/sites\/b\/biof.no\/files\/1934487833.jpg?cropToFit=200x118&quality=75","width":200,"height":118,"aspectRatio":1.694915254237288},{"path":"\/sites\/b\/biof.no\/files\/1934487833.jpg?cropToFit=400x235&quality=75","width":400,"height":235,"aspectRatio":1.702127659574468},{"path":"\/sites\/b\/biof.no\/files\/1934487833.jpg?cropToFit=600x353&quality=75","width":600,"height":353,"aspectRatio":1.6997167138810199},{"path":"\/sites\/b\/biof.no\/files\/1934487833.jpg?cropToFit=800x471&quality=75","width":800,"height":471,"aspectRatio":1.6985138004246285},{"path":"\/sites\/b\/biof.no\/files\/1934487833.jpg?cropToFit=1000x588&quality=75","width":997,"height":586,"aspectRatio":1.7013651877133107},{"path":"\/sites\/b\/biof.no\/files\/1934487833.jpg?cropToFit=1200x706&quality=75","width":996,"height":586,"aspectRatio":1.6996587030716723}],"image":"\/sites\/b\/biof.no\/files\/1934487833.jpg","aspect":1.694915254237288,"type":"image","description":null},"additionalData":[]},{"classes":["outercol"],"isFavourite":false,"isExternalUrl":{"articleLink":false},"articleListButtonsData":{"buttonsList":[{"label":"Les mer","url":"\/?id=944310263&Article=89","type":"readmore"}],"mode":"default"},"favouriteType":null,"mnu":null,"section":null,"displayId":true,"docId":89,"identifier":"89Article","docType":"Article","customDate":false,"teaserData":{"teaserText":"S\u00f8ndag 14. november kl. 13.00","mode":"default"},"content":{"teaser":"S\u00f8ndag 14. november kl. 13.00","intro":"Velkommen til lunsjkonsert med studenter i Bod\u00f8 domkirke."},"titles":{"main":"Lunsjkonsert med studenter - Bod\u00f8 domkirke","readMoreButton":"Les mer"},"urls":{"readMore":"\/?id=944310263&Article=89","booking":null},"created":{"date":"25.06.2021","time":"18:51","timestamp":1624639860},"introAllowHtml":false,"hasTicket":false,"extra":null,"hasReadMore":true,"media":{"imageData":null,"previewImageUrl":"#","imageVariants":[{"path":"#","width":0,"height":0,"aspectRatio":1}],"image":"\/sites\/b\/biof.no\/files\/1826849248.jpg","aspect":1,"type":"image","description":null},"additionalData":[]},{"classes":["outercol"],"isFavourite":false,"isExternalUrl":{"articleLink":false},"articleListButtonsData":{"buttonsList":[{"label":"Les mer","url":"\/?id=944310263&Article=91","type":"readmore"},{"label":"BILLETTER","url":"https:\/\/checkout.ebillett.no\/293\/events\/227\/purchase","type":"booking"}],"mode":"default"},"favouriteType":null,"mnu":null,"section":null,"displayId":true,"docId":91,"identifier":"91Article","docType":"Article","customDate":false,"teaserData":{"teaserText":"S\u00f8ndag 14. november kl. 18.00","mode":"default"},"content":{"teaser":"S\u00f8ndag 14. november kl. 18.00","intro":"V\u00e5r kunstneriske leder, prof. Inger-Lise Ulsrud fra Norges Musikkh\u00f8gskole avlutter \u00e5rets festival med kino-orgelkonsert i vakre Bodin kirke. \"Historien om en gut\" er virkelig et smykke fra norsk filmhistorie - en nydelig stumfilm fra1919 som passer for hele familien. Og det hele med vakkert tonef\u00f8lge av Ulsrud, som improviserer til filmen p\u00e5 det flotte orgelet i Bodin kirke."},"titles":{"main":"Avslutningskonsert: Kino-orgelkonsert med Inger-Lise Ulsrud","readMoreButton":"Les mer"},"urls":{"readMore":"\/?id=944310263&Article=91","booking":"https:\/\/checkout.ebillett.no\/293\/events\/227\/purchase"},"created":{"date":"25.06.2021","time":"18:59","timestamp":1624640340},"introAllowHtml":false,"hasTicket":false,"extra":null,"hasReadMore":true,"media":{"imageData":{"path":"\/sites\/b\/biof.no\/files\/historienomengut.jpg","width":1800,"height":1353,"aspectRatio":1.3303769401330376},"previewImageUrl":"\/sites\/b\/biof.no\/files\/historienomengut.jpg?cropToFit=100x59&quality=50","imageVariants":[{"path":"\/sites\/b\/biof.no\/files\/historienomengut.jpg?cropToFit=100x59&quality=75","width":100,"height":59,"aspectRatio":1.694915254237288},{"path":"\/sites\/b\/biof.no\/files\/historienomengut.jpg?cropToFit=200x118&quality=75","width":200,"height":118,"aspectRatio":1.694915254237288},{"path":"\/sites\/b\/biof.no\/files\/historienomengut.jpg?cropToFit=400x235&quality=75","width":400,"height":235,"aspectRatio":1.702127659574468},{"path":"\/sites\/b\/biof.no\/files\/historienomengut.jpg?cropToFit=600x353&quality=75","width":600,"height":353,"aspectRatio":1.6997167138810199},{"path":"\/sites\/b\/biof.no\/files\/historienomengut.jpg?cropToFit=800x471&quality=75","width":800,"height":471,"aspectRatio":1.6985138004246285},{"path":"\/sites\/b\/biof.no\/files\/historienomengut.jpg?cropToFit=1000x588&quality=75","width":1000,"height":588,"aspectRatio":1.7006802721088434},{"path":"\/sites\/b\/biof.no\/files\/historienomengut.jpg?cropToFit=1200x706&quality=75","width":1200,"height":706,"aspectRatio":1.6997167138810199}],"image":"\/sites\/b\/biof.no\/files\/historienomengut.jpg","aspect":1.694915254237288,"type":"image","description":null},"additionalData":[]}],"pages":[1],"currentPage":1,"sections":[]}